{"id":228,"date":"2020-04-21T21:47:31","date_gmt":"2020-04-21T19:47:31","guid":{"rendered":"http:\/\/test.erl-braeu.de\/?page_id=228"},"modified":"2026-04-09T14:08:06","modified_gmt":"2026-04-09T12:08:06","slug":"erlebnis","status":"publish","type":"page","link":"https:\/\/www.erl-braeu.de\/brauerei\/erlebnis\/","title":{"rendered":"F\u00fchrung"},"content":{"rendered":"<div class=\"wpb-content-wrapper\"><p>[vc_row css_animation=&#8220;&#8220; row_type=&#8220;row&#8220; use_row_as_full_screen_section=&#8220;no&#8220; type=&#8220;full_width&#8220; angled_section=&#8220;no&#8220; text_align=&#8220;center&#8220; background_image_as_pattern=&#8220;without_pattern&#8220; z_index=&#8220;&#8220;][vc_column css_animation=&#8220;zoomIn&#8220;][vc_column_text css=&#8220;&#8220;]<\/p>\n<h2>F\u00fcr alle Erl-Br\u00e4u Freunde und die, die es noch werden wollen!<\/h2>\n<p>[\/vc_column_text][vc_empty_space][vc_zigzag][vc_empty_space][\/vc_column][\/vc_row][vc_row css_animation=&#8220;&#8220; row_type=&#8220;row&#8220; use_row_as_full_screen_section=&#8220;no&#8220; type=&#8220;full_width&#8220; angled_section=&#8220;no&#8220; text_align=&#8220;left&#8220; background_image_as_pattern=&#8220;without_pattern&#8220;][vc_column css_animation=&#8220;zoomIn&#8220; width=&#8220;1\/3&#8243;][vc_single_image image=&#8220;15431&#8243; img_size=&#8220;full&#8220; qode_css_animation=&#8220;&#8220;][vc_empty_space][\/vc_column][vc_column css_animation=&#8220;zoomIn&#8220; width=&#8220;2\/3&#8243;][vc_column_text css=&#8220;&#8220;]<\/p>\n<p data-start=\"106\" data-end=\"289\">Unsere Brauereif\u00fchrung bietet Ihnen die Gelegenheit, dank der gepflegten und stetig erweiterten, \u00fcber hundertj\u00e4hrigen Brauereibauten, ein echtes bayerisches Original zu <strong data-start=\"275\" data-end=\"286\">ERLeben<\/strong>. W\u00e4hrend der F\u00fchrung verbinden sich Einblicke in die Rohstoffkunde mit der Besichtigung unserer Brauanlagen und einer Kellerbier-Probe. Neben interessantem Hintergrundwissen zum Brauprozess und den Besonderheiten unseres Handwerks bleibt ausreichend Zeit f\u00fcr Fragen und Austausch. Zum Abschluss besteht die M\u00f6glichkeit eines geselligen Beisammenseins im Br\u00e4ust\u00fcbERL oder im Brauereigasthof mit Biergarten, um weitere Erlk\u00f6nig-Biere in Ruhe zu probieren.<\/p>\n<p data-start=\"778\" data-end=\"1128\">Die F\u00fchrung dauert etwa 90 Minuten. Anschlie\u00dfend besteht kein Zeitdruck. F\u00fcr Gruppen empfehlen wir eine Teilnehmerzahl von 10 bis 25 Personen, maximal 30. Aus Hygiene- und Sicherheitsgr\u00fcnden finden F\u00fchrungen ausschlie\u00dflich au\u00dferhalb der Betriebszeiten statt. Besonders empfehlenswert sind Termine am Freitag zwischen 16 und 18 Uhr mit anschlie\u00dfender Einkehr.<\/p>\n<p data-start=\"1130\" data-end=\"1202\">Vielen Dank f\u00fcr Ihr Verst\u00e4ndnis und Ihr Interesse an unserer Brauerei.<\/p>\n<p>[\/vc_column_text][vc_empty_space][vc_column_text css=&#8220;&#8220;]<\/p>\n<p data-start=\"73\" data-end=\"428\"><strong>Bitte kontaktieren Sie uns \u00fcber das <a href=\"https:\/\/www.erl-braeu.de\/brauerei\/kontakt\/\">Kontaktformular<\/a> <\/strong>oder telefonisch mit Ihrem Wunschtermin, der Uhrzeit, der voraussichtlichen Teilnehmerzahl sowie Angaben zur gew\u00fcnschten Verk\u00f6stigung oder zum Budget. Unser Braumeister setzt sich anschlie\u00dfend pers\u00f6nlich mit Ihnen in Verbindung, um eine individuelle und <strong data-start=\"381\" data-end=\"399\">ERLebnisreiche<\/strong> Brauereif\u00fchrung zu planen.<\/p>\n<p data-start=\"430\" data-end=\"534\">Wir freuen uns auf gute Laune und <strong data-start=\"482\" data-end=\"532\">ERLiche Vorfreude auf das gemeinsame ERLebnis!<\/strong><\/p>\n<p>[\/vc_column_text][vc_empty_space][vc_column_text css=&#8220;&#8220;]<\/p>\n<p data-start=\"68\" data-end=\"233\"><strong>Bitte beachten Sie<\/strong>, dass unsere Brauereif\u00fchrung nicht barrierefrei ist. Der Rundgang f\u00fchrt \u00fcber mehrere Stockwerke, festes und sauberes Schuhwerk sowie saubere Kleidung ist erforderlich. W\u00e4hrend der Saison von Mai bis September k\u00f6nnen F\u00fchrungen nur eingeschr\u00e4nkt oder teilweise nicht angeboten werden. Zudem bleibt der Brauereigasthof im Januar wegen Betriebsurlaub und allgemein am Samstag geschlossen und ist nur nach vorheriger Anfrage ge\u00f6ffnet. Weitere Informationen finden Sie <a href=\"https:\/\/www.erl-braeu.de\/brauerei\/gasthof\/\"><strong data-start=\"488\" data-end=\"501\">hier<\/strong><\/a>!<\/p>\n<p>[\/vc_column_text][\/vc_column][\/vc_row][vc_row css_animation=&#8220;&#8220; row_type=&#8220;row&#8220; use_row_as_full_screen_section=&#8220;no&#8220; type=&#8220;full_width&#8220; angled_section=&#8220;no&#8220; text_align=&#8220;center&#8220; background_image_as_pattern=&#8220;without_pattern&#8220; z_index=&#8220;&#8220;][vc_column css_animation=&#8220;zoomIn&#8220;][vc_column_text]<\/p>\n<h3>W\u00e4hlen Sie aus unseren beiden ERLebnis Varianten f\u00fcr die Original Brauereif\u00fchrung:<\/h3>\n<p>[\/vc_column_text][vc_empty_space][vc_zigzag][vc_empty_space][\/vc_column][\/vc_row][vc_row css_animation=&#8220;&#8220; row_type=&#8220;row&#8220; use_row_as_full_screen_section=&#8220;no&#8220; type=&#8220;full_width&#8220; angled_section=&#8220;no&#8220; text_align=&#8220;left&#8220; background_image_as_pattern=&#8220;without_pattern&#8220;][vc_column css_animation=&#8220;zoomIn&#8220; width=&#8220;1\/3&#8243;][vc_gallery interval=&#8220;3&#8243; images=&#8220;15416,15418&#8243; img_size=&#8220;full&#8220; onclick=&#8220;&#8220; css_animation=&#8220;zoomIn&#8220; pause_on_hover=&#8220;yes&#8220;][vc_empty_space][\/vc_column][vc_column css_animation=&#8220;zoomIn&#8220; width=&#8220;1\/3&#8243;][vc_column_text]<\/p>\n<h4>Die ERLebnis F\u00fchrung<\/h4>\n<p>[\/vc_column_text][vc_empty_space][vc_column_text css=&#8220;.vc_custom_1745573635202{margin-top: 10px !important;margin-right: 10px !important;margin-bottom: 10px !important;margin-left: 10px !important;}&#8220;]<strong>Brauereif\u00fchrung und <\/strong>ins Brauerei <strong>Br\u00e4ust\u00fcbERL<\/strong> oder den Brauereigasthof auf a paar Hoibe Bier und spontan vielleicht mehr!<\/p>\n<p>Unkosten-Beitrag F\u00fchrung von 5 Euro pro Person, zzgl. Verzehr und Getr\u00e4nke im Br\u00e4ust\u00fcberl und Brauereigasthof als Selbstzahler. Tisch-Reservierung \u00fcber 5 Leuten empfohlen (Speisen nur im Brauereigasthof m\u00f6glich, Details <a href=\"https:\/\/www.erl-braeu.de\/brauerei\/gasthof\/\">hier<\/a>).[\/vc_column_text][vc_empty_space][\/vc_column][vc_column css_animation=&#8220;zoomIn&#8220; width=&#8220;1\/3&#8243;][vc_column_text]<\/p>\n<h4>Die SchmankERL F\u00fchrung<\/h4>\n<p>[\/vc_column_text][vc_empty_space][vc_column_text css=&#8220;.vc_custom_1745573757893{margin-top: 10px !important;margin-right: 10px !important;margin-bottom: 10px !important;margin-left: 10px !important;}&#8220;]<strong>Brauereif\u00fchrung mit Einkehr <\/strong>im <strong>Brauereigasthof <\/strong>mit Biergarten, 100m nah und familiengef\u00fchrtes Wirtshaus-Original.<\/p>\n<p>Unkosten-Beitrag F\u00fchrung von 5 Euro pro Person, zzgl. Speisen und Getr\u00e4nke \u00e0 la carte, Tisch-Reservierung \u00fcber 5 Leuten im Brauereigasthof zus\u00e4tzlich notwendig bzw. allgemein sinnvoll (Details <a href=\"https:\/\/www.erl-braeu.de\/brauerei\/gasthof\/\">hier<\/a>). Empfehlung Freitag! Tel. 09423-902087.[\/vc_column_text][vc_empty_space][\/vc_column][\/vc_row]<\/p>\n<\/div>","protected":false},"excerpt":{"rendered":"<p>[vc_row css_animation=&#8220;&#8220; row_type=&#8220;row&#8220; use_row_as_full_screen_section=&#8220;no&#8220; type=&#8220;full_width&#8220; angled_section=&#8220;no&#8220; text_align=&#8220;center&#8220; background_image_as_pattern=&#8220;without_pattern&#8220; z_index=&#8220;&#8220;][vc_column css_animation=&#8220;zoomIn&#8220;][vc_column_text css=&#8220;&#8220;] F\u00fcr alle Erl-Br\u00e4u Freunde und die, die es noch werden wollen! [\/vc_column_text][vc_empty_space][vc_zigzag][vc_empty_space][\/vc_column][\/vc_row][vc_row css_animation=&#8220;&#8220; row_type=&#8220;row&#8220; use_row_as_full_screen_section=&#8220;no&#8220; type=&#8220;full_width&#8220; angled_section=&#8220;no&#8220; text_align=&#8220;left&#8220; background_image_as_pattern=&#8220;without_pattern&#8220;][vc_column css_animation=&#8220;zoomIn&#8220; width=&#8220;1\/3&#8243;][vc_single_image image=&#8220;15431&#8243; img_size=&#8220;full&#8220; qode_css_animation=&#8220;&#8220;][vc_empty_space][\/vc_column][vc_column css_animation=&#8220;zoomIn&#8220; width=&#8220;2\/3&#8243;][vc_column_text css=&#8220;&#8220;] Unsere Brauereif\u00fchrung bietet Ihnen die Gelegenheit, dank&#8230;<\/p>\n","protected":false},"author":1,"featured_media":0,"parent":0,"menu_order":0,"comment_status":"closed","ping_status":"closed","template":"","meta":{"footnotes":""},"class_list":["post-228","page","type-page","status-publish","hentry"],"yoast_head":"<!-- This site is optimized with the Yoast SEO plugin v27.3 - https:\/\/yoast.com\/product\/yoast-seo-wordpress\/ -->\n<title>Brauereif\u00fchrung | Erl-Br\u00e4u Geiselh\u00f6ring erleben<\/title>\n<meta name=\"description\" content=\"Brauereif\u00fchrung mit Kellerbier-Probe bei Erl-Br\u00e4u \u2013 ca. 90 Min., 10\u201330 Personen, ab 5 \u20ac p.P. Jetzt Wunschtermin anfragen!\" \/>\n<meta name=\"robots\" content=\"index, follow, max-snippet:-1, max-image-preview:large, max-video-preview:-1\" \/>\n<link rel=\"canonical\" href=\"https:\/\/www.erl-braeu.de\/brauerei\/erlebnis\/\" \/>\n<meta property=\"og:locale\" content=\"de_DE\" \/>\n<meta property=\"og:type\" content=\"article\" \/>\n<meta property=\"og:title\" content=\"Brauereif\u00fchrung | Erl-Br\u00e4u Geiselh\u00f6ring erleben\" \/>\n<meta property=\"og:description\" content=\"Brauereif\u00fchrung mit Kellerbier-Probe bei Erl-Br\u00e4u \u2013 ca. 90 Min., 10\u201330 Personen, ab 5 \u20ac p.P. Jetzt Wunschtermin anfragen!\" \/>\n<meta property=\"og:url\" content=\"https:\/\/www.erl-braeu.de\/brauerei\/erlebnis\/\" \/>\n<meta property=\"og:site_name\" content=\"ERL-Br\u00e4u\" \/>\n<meta property=\"article:publisher\" content=\"https:\/\/www.facebook.com\/erl.braeu\/\" \/>\n<meta property=\"article:modified_time\" content=\"2026-04-09T12:08:06+00:00\" \/>\n<meta property=\"og:image\" content=\"https:\/\/i0.wp.com\/www.erl-braeu.de\/brauerei\/wp-content\/uploads\/2020\/05\/200513_Bierdahoam.jpg?fit=500%2C500&ssl=1\" \/>\n\t<meta property=\"og:image:width\" content=\"500\" \/>\n\t<meta property=\"og:image:height\" content=\"500\" \/>\n\t<meta property=\"og:image:type\" content=\"image\/jpeg\" \/>\n<meta name=\"twitter:card\" content=\"summary_large_image\" \/>\n<meta name=\"twitter:label1\" content=\"Gesch\u00e4tzte Lesezeit\" \/>\n\t<meta name=\"twitter:data1\" content=\"4\u00a0Minuten\" \/>\n<script type=\"application\/ld+json\" class=\"yoast-schema-graph\">{\"@context\":\"https:\\\/\\\/schema.org\",\"@graph\":[{\"@type\":\"WebPage\",\"@id\":\"https:\\\/\\\/www.erl-braeu.de\\\/brauerei\\\/erlebnis\\\/\",\"url\":\"https:\\\/\\\/www.erl-braeu.de\\\/brauerei\\\/erlebnis\\\/\",\"name\":\"Brauereif\u00fchrung | Erl-Br\u00e4u Geiselh\u00f6ring erleben\",\"isPartOf\":{\"@id\":\"https:\\\/\\\/www.erl-braeu.de\\\/brauerei\\\/#website\"},\"datePublished\":\"2020-04-21T19:47:31+00:00\",\"dateModified\":\"2026-04-09T12:08:06+00:00\",\"description\":\"Brauereif\u00fchrung mit Kellerbier-Probe bei Erl-Br\u00e4u \u2013 ca. 90 Min., 10\u201330 Personen, ab 5 \u20ac p.P. Jetzt Wunschtermin anfragen!\",\"inLanguage\":\"de\",\"potentialAction\":[{\"@type\":\"ReadAction\",\"target\":[\"https:\\\/\\\/www.erl-braeu.de\\\/brauerei\\\/erlebnis\\\/\"]}]},{\"@type\":\"WebSite\",\"@id\":\"https:\\\/\\\/www.erl-braeu.de\\\/brauerei\\\/#website\",\"url\":\"https:\\\/\\\/www.erl-braeu.de\\\/brauerei\\\/\",\"name\":\"ERL-Br\u00e4u\",\"description\":\"Der landfrische Biergenuss - Erlk\u00f6nig seit 1871\",\"publisher\":{\"@id\":\"https:\\\/\\\/www.erl-braeu.de\\\/brauerei\\\/#organization\"},\"potentialAction\":[{\"@type\":\"SearchAction\",\"target\":{\"@type\":\"EntryPoint\",\"urlTemplate\":\"https:\\\/\\\/www.erl-braeu.de\\\/brauerei\\\/?s={search_term_string}\"},\"query-input\":{\"@type\":\"PropertyValueSpecification\",\"valueRequired\":true,\"valueName\":\"search_term_string\"}}],\"inLanguage\":\"de\"},{\"@type\":\"Organization\",\"@id\":\"https:\\\/\\\/www.erl-braeu.de\\\/brauerei\\\/#organization\",\"name\":\"Erl-Br\u00e4u GmbH & Co. KG\",\"url\":\"https:\\\/\\\/www.erl-braeu.de\",\"logo\":{\"@type\":\"ImageObject\",\"url\":\"https:\\\/\\\/www.erl-braeu.de\\\/brauerei\\\/wp-content\\\/uploads\\\/erl-braeu-logo.png\"},\"image\":\"https:\\\/\\\/www.erl-braeu.de\\\/brauerei\\\/wp-content\\\/uploads\\\/erl-braeu-logo.png\",\"sameAs\":[\"https:\\\/\\\/www.facebook.com\\\/erl.braeu\\\/\",\"https:\\\/\\\/www.instagram.com\\\/erl.braeu\\\/\",\"https:\\\/\\\/maps.google.com\\\/?cid=8752043724154341985\",\"https:\\\/\\\/de.wikipedia.org\\\/wiki\\\/Erl-Br%C3%A4u\"],\"legalName\":\"Erl-Br\u00e4u GmbH & Co. KG\",\"description\":\"Bayerische Privatbrauerei in Geiselh\u00f6ring. Handwerklich gebraute Erlk\u00f6nig-Biere seit 1871 \u2013 Hell, Weisse, Festbier, Imperator und mehr.\",\"foundingDate\":\"1871\",\"telephone\":\"+49942394170\",\"address\":{\"@type\":\"PostalAddress\",\"streetAddress\":\"Straubinger Stra\u00dfe 10\",\"addressLocality\":\"Geiselh\u00f6ring\",\"postalCode\":\"94333\",\"addressRegion\":\"BY\",\"addressCountry\":\"DE\"},\"contactPoint\":{\"@type\":\"ContactPoint\",\"telephone\":\"+49942394170\",\"contactType\":\"customer service\",\"availableLanguage\":\"de\",\"areaServed\":\"DE\"},\"knowsAbout\":[\"Bierbrauen\",\"Bayerisches Bier\",\"Hefeweizen\",\"Helles\",\"Doppelbock\",\"Festbier\",\"Privatbrauerei\",\"Bayerisches Reinheitsgebot\"],\"areaServed\":{\"@type\":\"AdministrativeArea\",\"name\":\"Niederbayern\"}}]}<\/script>\n<!-- \/ Yoast SEO plugin. -->","yoast_head_json":{"title":"Brauereif\u00fchrung | Erl-Br\u00e4u Geiselh\u00f6ring erleben","description":"Brauereif\u00fchrung mit Kellerbier-Probe bei Erl-Br\u00e4u \u2013 ca. 90 Min., 10\u201330 Personen, ab 5 \u20ac p.P. Jetzt Wunschtermin anfragen!","robots":{"index":"index","follow":"follow","max-snippet":"max-snippet:-1","max-image-preview":"max-image-preview:large","max-video-preview":"max-video-preview:-1"},"canonical":"https:\/\/www.erl-braeu.de\/brauerei\/erlebnis\/","og_locale":"de_DE","og_type":"article","og_title":"Brauereif\u00fchrung | Erl-Br\u00e4u Geiselh\u00f6ring erleben","og_description":"Brauereif\u00fchrung mit Kellerbier-Probe bei Erl-Br\u00e4u \u2013 ca. 90 Min., 10\u201330 Personen, ab 5 \u20ac p.P. Jetzt Wunschtermin anfragen!","og_url":"https:\/\/www.erl-braeu.de\/brauerei\/erlebnis\/","og_site_name":"ERL-Br\u00e4u","article_publisher":"https:\/\/www.facebook.com\/erl.braeu\/","article_modified_time":"2026-04-09T12:08:06+00:00","og_image":[{"width":500,"height":500,"url":"https:\/\/i0.wp.com\/www.erl-braeu.de\/brauerei\/wp-content\/uploads\/2020\/05\/200513_Bierdahoam.jpg?fit=500%2C500&ssl=1","type":"image\/jpeg"}],"twitter_card":"summary_large_image","twitter_misc":{"Gesch\u00e4tzte Lesezeit":"4\u00a0Minuten"},"schema":{"@context":"https:\/\/schema.org","@graph":[{"@type":"WebPage","@id":"https:\/\/www.erl-braeu.de\/brauerei\/erlebnis\/","url":"https:\/\/www.erl-braeu.de\/brauerei\/erlebnis\/","name":"Brauereif\u00fchrung | Erl-Br\u00e4u Geiselh\u00f6ring erleben","isPartOf":{"@id":"https:\/\/www.erl-braeu.de\/brauerei\/#website"},"datePublished":"2020-04-21T19:47:31+00:00","dateModified":"2026-04-09T12:08:06+00:00","description":"Brauereif\u00fchrung mit Kellerbier-Probe bei Erl-Br\u00e4u \u2013 ca. 90 Min., 10\u201330 Personen, ab 5 \u20ac p.P. Jetzt Wunschtermin anfragen!","inLanguage":"de","potentialAction":[{"@type":"ReadAction","target":["https:\/\/www.erl-braeu.de\/brauerei\/erlebnis\/"]}]},{"@type":"WebSite","@id":"https:\/\/www.erl-braeu.de\/brauerei\/#website","url":"https:\/\/www.erl-braeu.de\/brauerei\/","name":"ERL-Br\u00e4u","description":"Der landfrische Biergenuss - Erlk\u00f6nig seit 1871","publisher":{"@id":"https:\/\/www.erl-braeu.de\/brauerei\/#organization"},"potentialAction":[{"@type":"SearchAction","target":{"@type":"EntryPoint","urlTemplate":"https:\/\/www.erl-braeu.de\/brauerei\/?s={search_term_string}"},"query-input":{"@type":"PropertyValueSpecification","valueRequired":true,"valueName":"search_term_string"}}],"inLanguage":"de"},{"@type":"Organization","@id":"https:\/\/www.erl-braeu.de\/brauerei\/#organization","name":"Erl-Br\u00e4u GmbH & Co. KG","url":"https:\/\/www.erl-braeu.de","logo":{"@type":"ImageObject","url":"https:\/\/www.erl-braeu.de\/brauerei\/wp-content\/uploads\/erl-braeu-logo.png"},"image":"https:\/\/www.erl-braeu.de\/brauerei\/wp-content\/uploads\/erl-braeu-logo.png","sameAs":["https:\/\/www.facebook.com\/erl.braeu\/","https:\/\/www.instagram.com\/erl.braeu\/","https:\/\/maps.google.com\/?cid=8752043724154341985","https:\/\/de.wikipedia.org\/wiki\/Erl-Br%C3%A4u"],"legalName":"Erl-Br\u00e4u GmbH & Co. KG","description":"Bayerische Privatbrauerei in Geiselh\u00f6ring. Handwerklich gebraute Erlk\u00f6nig-Biere seit 1871 \u2013 Hell, Weisse, Festbier, Imperator und mehr.","foundingDate":"1871","telephone":"+49942394170","address":{"@type":"PostalAddress","streetAddress":"Straubinger Stra\u00dfe 10","addressLocality":"Geiselh\u00f6ring","postalCode":"94333","addressRegion":"BY","addressCountry":"DE"},"contactPoint":{"@type":"ContactPoint","telephone":"+49942394170","contactType":"customer service","availableLanguage":"de","areaServed":"DE"},"knowsAbout":["Bierbrauen","Bayerisches Bier","Hefeweizen","Helles","Doppelbock","Festbier","Privatbrauerei","Bayerisches Reinheitsgebot"],"areaServed":{"@type":"AdministrativeArea","name":"Niederbayern"}}]}},"jetpack-related-posts":[],"jetpack_sharing_enabled":true,"_links":{"self":[{"href":"https:\/\/www.erl-braeu.de\/brauerei\/wp-json\/wp\/v2\/pages\/228","targetHints":{"allow":["GET"]}}],"collection":[{"href":"https:\/\/www.erl-braeu.de\/brauerei\/wp-json\/wp\/v2\/pages"}],"about":[{"href":"https:\/\/www.erl-braeu.de\/brauerei\/wp-json\/wp\/v2\/types\/page"}],"author":[{"embeddable":true,"href":"https:\/\/www.erl-braeu.de\/brauerei\/wp-json\/wp\/v2\/users\/1"}],"replies":[{"embeddable":true,"href":"https:\/\/www.erl-braeu.de\/brauerei\/wp-json\/wp\/v2\/comments?post=228"}],"version-history":[{"count":12,"href":"https:\/\/www.erl-braeu.de\/brauerei\/wp-json\/wp\/v2\/pages\/228\/revisions"}],"predecessor-version":[{"id":19301,"href":"https:\/\/www.erl-braeu.de\/brauerei\/wp-json\/wp\/v2\/pages\/228\/revisions\/19301"}],"wp:attachment":[{"href":"https:\/\/www.erl-braeu.de\/brauerei\/wp-json\/wp\/v2\/media?parent=228"}],"curies":[{"name":"wp","href":"https:\/\/api.w.org\/{rel}","templated":true}]}}