{"id":16310,"date":"2021-09-10T15:03:30","date_gmt":"2021-09-10T13:03:30","guid":{"rendered":"https:\/\/www.erl-braeu.de\/brauerei\/?page_id=16310"},"modified":"2026-04-09T14:44:13","modified_gmt":"2026-04-09T12:44:13","slug":"gasthof","status":"publish","type":"page","link":"https:\/\/www.erl-braeu.de\/brauerei\/gasthof\/","title":{"rendered":"Brauereigasthof Erl-Br\u00e4u"},"content":{"rendered":"<div class=\"wpb-content-wrapper\"><p>[vc_row css_animation=&#8220;&#8220; row_type=&#8220;row&#8220; use_row_as_full_screen_section=&#8220;no&#8220; type=&#8220;full_width&#8220; angled_section=&#8220;no&#8220; text_align=&#8220;left&#8220; background_image_as_pattern=&#8220;without_pattern&#8220;][vc_column][\/vc_column][vc_column][vc_column_text css=&#8220;&#8220;]<\/p>\r\n<div class=\"wpb_text_column wpb_content_element \">\r\n<div class=\"wpb_wrapper\">\r\n<h2 style=\"text-align: center;\">F\u00fcr alle SchmankERL Freunde und die es noch werden wollen.<\/h2>\r\n<\/div>\r\n<\/div>\r\n<p>[\/vc_column_text][vc_empty_space][vc_zigzag][vc_empty_space][vc_column_text css=&#8220;&#8220;]<\/p>\r\n<p><img data-recalc-dims=\"1\" loading=\"lazy\" decoding=\"async\" class=\"alignleft wp-image-16430 size-full\" src=\"https:\/\/i0.wp.com\/www.erl-braeu.de\/brauerei\/wp-content\/uploads\/2021\/10\/gasthof.jpg?resize=1024%2C681&#038;ssl=1\" alt=\" Brauereigasthof Erl-Br\u00e4u\" width=\"1024\" height=\"681\" srcset=\"https:\/\/i0.wp.com\/www.erl-braeu.de\/brauerei\/wp-content\/uploads\/2021\/10\/gasthof.jpg?w=1024&amp;ssl=1 1024w, https:\/\/i0.wp.com\/www.erl-braeu.de\/brauerei\/wp-content\/uploads\/2021\/10\/gasthof.jpg?resize=300%2C200&amp;ssl=1 300w, https:\/\/i0.wp.com\/www.erl-braeu.de\/brauerei\/wp-content\/uploads\/2021\/10\/gasthof.jpg?resize=768%2C511&amp;ssl=1 768w, https:\/\/i0.wp.com\/www.erl-braeu.de\/brauerei\/wp-content\/uploads\/2021\/10\/gasthof.jpg?resize=700%2C466&amp;ssl=1 700w\" sizes=\"auto, (max-width: 1024px) 100vw, 1024px\" \/><\/p>\r\n<p><strong>Unseren Brauereigasthof <\/strong>betreiben wir nach <strong>alter Familientradition <\/strong>noch pers\u00f6nlich! K\u00fcchenchef Christopher Erl und sein Team kochen <strong>echte bayerische Wirtshaus-Schmankerl <\/strong>und im Sommer auch klassische Biergarten-Gerichte, alles ohne k\u00fcnstliche Zusatzstoffe auf <strong>traditionell nat\u00fcrliche Art<\/strong>! Hotelzimmer und Veranstaltungen im Gasthof jederzeit auf Anfrage!<!-- \/wp:post-content --><\/p>\r\n<p>&nbsp;<\/p>\r\n<p><!-- wp:paragraph \/-->\r\n\r\n<!-- wp:paragraph --><strong>\u00d6ffnungszeiten<\/strong>: Dienstag bis Freitag von 17.30 bis 23.00 Uhr, sowie sonntags von 11.00 bis 14.00 Uhr. Samstag ist f\u00fcr Ihre besonderen Anfragen und Veranstaltungen reserviert. Montag ist Ruhetag.<\/p>\r\n<p><!-- \/wp:paragraph -->\r\n\r\n<!-- wp:paragraph --><strong>Kontakt<\/strong>: Telefon 09423-902087 oder \u00fcber die Brauereigasthof-Homepage, siehe unten.<\/p>\r\n<p><!-- \/wp:paragraph -->\r\n\r\n<!-- wp:paragraph --><strong>Anschrift<\/strong>: Stadtplatz 17, 94333 Geiselh\u00f6ring, Parkpl\u00e4tze hinter dem Haus<\/p>\r\n<p>[\/vc_column_text][vc_zigzag][vc_column_text css=&#8220;&#8220;]<\/p>\r\n<p style=\"text-align: center;\">Mia gfrein uns auf Ihren Besuch oder Anfrage!<\/p>\r\n<h3 style=\"text-align: center;\"><a href=\"https:\/\/www.erl-braeu.de\/gasthof\/\"><strong> Hier geht&#8217;s zur eigenen Brauereigasthof Homepage!<\/strong><\/a><\/h3>\r\n<p style=\"text-align: center;\">ERLiche Gr\u00fc\u00dfe aus Geiselh\u00f6ring, Ihre Familie Erl mit Team!<\/p>\r\n<p>&nbsp;<\/p>\r\n<h5>\u00a0<\/h5>\r\n<p>[\/vc_column_text][\/vc_column][vc_column][\/vc_column][\/vc_row]<\/p><\/div>","protected":false},"excerpt":{"rendered":"<p>[vc_row css_animation=&#8220;&#8220; row_type=&#8220;row&#8220; use_row_as_full_screen_section=&#8220;no&#8220; type=&#8220;full_width&#8220; angled_section=&#8220;no&#8220; text_align=&#8220;left&#8220; background_image_as_pattern=&#8220;without_pattern&#8220;][vc_column][\/vc_column][vc_column][vc_column_text css=&#8220;&#8220;] F\u00fcr alle SchmankERL Freunde und die es noch werden wollen. [\/vc_column_text][vc_empty_space][vc_zigzag][vc_empty_space][vc_column_text css=&#8220;&#8220;] Unseren Brauereigasthof betreiben wir nach alter Familientradition noch pers\u00f6nlich! K\u00fcchenchef Christopher Erl und sein Team kochen echte bayerische Wirtshaus-Schmankerl und im Sommer auch klassische&#8230;<\/p>\n","protected":false},"author":2,"featured_media":0,"parent":0,"menu_order":0,"comment_status":"closed","ping_status":"closed","template":"","meta":{"footnotes":""},"class_list":["post-16310","page","type-page","status-publish","hentry"],"yoast_head":"<!-- This site is optimized with the Yoast SEO plugin v27.3 - https:\/\/yoast.com\/product\/yoast-seo-wordpress\/ -->\n<title>Brauereigasthof | Erl-Br\u00e4u Geiselh\u00f6ring<\/title>\n<meta name=\"description\" content=\"Bayerische Schmankerl &amp; Biergarten in Geiselh\u00f6ring. Di\u2013Fr ab 17:30, So 11\u201314 Uhr. Hotelzimmer &amp; Veranstaltungen auf Anfrage.\" \/>\n<meta name=\"robots\" content=\"index, follow, max-snippet:-1, max-image-preview:large, max-video-preview:-1\" \/>\n<link rel=\"canonical\" href=\"https:\/\/www.erl-braeu.de\/brauerei\/gasthof\/\" \/>\n<meta property=\"og:locale\" content=\"de_DE\" \/>\n<meta property=\"og:type\" content=\"article\" \/>\n<meta property=\"og:title\" content=\"Brauereigasthof | Erl-Br\u00e4u Geiselh\u00f6ring\" \/>\n<meta property=\"og:description\" content=\"Bayerische Schmankerl &amp; Biergarten in Geiselh\u00f6ring. Di\u2013Fr ab 17:30, So 11\u201314 Uhr. Hotelzimmer &amp; Veranstaltungen auf Anfrage.\" \/>\n<meta property=\"og:url\" content=\"https:\/\/www.erl-braeu.de\/brauerei\/gasthof\/\" \/>\n<meta property=\"og:site_name\" content=\"ERL-Br\u00e4u\" \/>\n<meta property=\"article:publisher\" content=\"https:\/\/www.facebook.com\/erl.braeu\/\" \/>\n<meta property=\"article:modified_time\" content=\"2026-04-09T12:44:13+00:00\" \/>\n<meta property=\"og:image\" content=\"https:\/\/www.erl-braeu.de\/brauerei\/wp-content\/uploads\/2021\/10\/gasthof.jpg\" \/>\n<meta name=\"twitter:card\" content=\"summary_large_image\" \/>\n<meta name=\"twitter:label1\" content=\"Gesch\u00e4tzte Lesezeit\" \/>\n\t<meta name=\"twitter:data1\" content=\"1\u00a0Minute\" \/>\n<script type=\"application\/ld+json\" class=\"yoast-schema-graph\">{\"@context\":\"https:\\\/\\\/schema.org\",\"@graph\":[{\"@type\":\"WebPage\",\"@id\":\"https:\\\/\\\/www.erl-braeu.de\\\/brauerei\\\/gasthof\\\/\",\"url\":\"https:\\\/\\\/www.erl-braeu.de\\\/brauerei\\\/gasthof\\\/\",\"name\":\"Brauereigasthof | Erl-Br\u00e4u Geiselh\u00f6ring\",\"isPartOf\":{\"@id\":\"https:\\\/\\\/www.erl-braeu.de\\\/brauerei\\\/#website\"},\"primaryImageOfPage\":{\"@id\":\"https:\\\/\\\/www.erl-braeu.de\\\/brauerei\\\/gasthof\\\/#primaryimage\"},\"image\":{\"@id\":\"https:\\\/\\\/www.erl-braeu.de\\\/brauerei\\\/gasthof\\\/#primaryimage\"},\"thumbnailUrl\":\"https:\\\/\\\/www.erl-braeu.de\\\/brauerei\\\/wp-content\\\/uploads\\\/2021\\\/10\\\/gasthof.jpg\",\"datePublished\":\"2021-09-10T13:03:30+00:00\",\"dateModified\":\"2026-04-09T12:44:13+00:00\",\"description\":\"Bayerische Schmankerl & Biergarten in Geiselh\u00f6ring. Di\u2013Fr ab 17:30, So 11\u201314 Uhr. Hotelzimmer & Veranstaltungen auf Anfrage.\",\"inLanguage\":\"de\",\"potentialAction\":[{\"@type\":\"ReadAction\",\"target\":[\"https:\\\/\\\/www.erl-braeu.de\\\/brauerei\\\/gasthof\\\/\"]}]},{\"@type\":\"ImageObject\",\"inLanguage\":\"de\",\"@id\":\"https:\\\/\\\/www.erl-braeu.de\\\/brauerei\\\/gasthof\\\/#primaryimage\",\"url\":\"https:\\\/\\\/i0.wp.com\\\/www.erl-braeu.de\\\/brauerei\\\/wp-content\\\/uploads\\\/2021\\\/10\\\/gasthof.jpg?fit=1024%2C681&ssl=1\",\"contentUrl\":\"https:\\\/\\\/i0.wp.com\\\/www.erl-braeu.de\\\/brauerei\\\/wp-content\\\/uploads\\\/2021\\\/10\\\/gasthof.jpg?fit=1024%2C681&ssl=1\",\"width\":1024,\"height\":681},{\"@type\":\"WebSite\",\"@id\":\"https:\\\/\\\/www.erl-braeu.de\\\/brauerei\\\/#website\",\"url\":\"https:\\\/\\\/www.erl-braeu.de\\\/brauerei\\\/\",\"name\":\"ERL-Br\u00e4u\",\"description\":\"Der landfrische Biergenuss - Erlk\u00f6nig seit 1871\",\"publisher\":{\"@id\":\"https:\\\/\\\/www.erl-braeu.de\\\/brauerei\\\/#organization\"},\"potentialAction\":[{\"@type\":\"SearchAction\",\"target\":{\"@type\":\"EntryPoint\",\"urlTemplate\":\"https:\\\/\\\/www.erl-braeu.de\\\/brauerei\\\/?s={search_term_string}\"},\"query-input\":{\"@type\":\"PropertyValueSpecification\",\"valueRequired\":true,\"valueName\":\"search_term_string\"}}],\"inLanguage\":\"de\"},{\"@type\":\"Organization\",\"@id\":\"https:\\\/\\\/www.erl-braeu.de\\\/brauerei\\\/#organization\",\"name\":\"Erl-Br\u00e4u GmbH & Co. KG\",\"url\":\"https:\\\/\\\/www.erl-braeu.de\",\"logo\":{\"@type\":\"ImageObject\",\"url\":\"https:\\\/\\\/www.erl-braeu.de\\\/brauerei\\\/wp-content\\\/uploads\\\/erl-braeu-logo.png\"},\"image\":\"https:\\\/\\\/www.erl-braeu.de\\\/brauerei\\\/wp-content\\\/uploads\\\/erl-braeu-logo.png\",\"sameAs\":[\"https:\\\/\\\/www.facebook.com\\\/erl.braeu\\\/\",\"https:\\\/\\\/www.instagram.com\\\/erl.braeu\\\/\",\"https:\\\/\\\/maps.google.com\\\/?cid=8752043724154341985\",\"https:\\\/\\\/de.wikipedia.org\\\/wiki\\\/Erl-Br%C3%A4u\"],\"legalName\":\"Erl-Br\u00e4u GmbH & Co. KG\",\"description\":\"Bayerische Privatbrauerei in Geiselh\u00f6ring. Handwerklich gebraute Erlk\u00f6nig-Biere seit 1871 \u2013 Hell, Weisse, Festbier, Imperator und mehr.\",\"foundingDate\":\"1871\",\"telephone\":\"+49942394170\",\"address\":{\"@type\":\"PostalAddress\",\"streetAddress\":\"Straubinger Stra\u00dfe 10\",\"addressLocality\":\"Geiselh\u00f6ring\",\"postalCode\":\"94333\",\"addressRegion\":\"BY\",\"addressCountry\":\"DE\"},\"contactPoint\":{\"@type\":\"ContactPoint\",\"telephone\":\"+49942394170\",\"contactType\":\"customer service\",\"availableLanguage\":\"de\",\"areaServed\":\"DE\"},\"knowsAbout\":[\"Bierbrauen\",\"Bayerisches Bier\",\"Hefeweizen\",\"Helles\",\"Doppelbock\",\"Festbier\",\"Privatbrauerei\",\"Bayerisches Reinheitsgebot\"],\"areaServed\":{\"@type\":\"AdministrativeArea\",\"name\":\"Niederbayern\"}}]}<\/script>\n<!-- \/ Yoast SEO plugin. -->","yoast_head_json":{"title":"Brauereigasthof | Erl-Br\u00e4u Geiselh\u00f6ring","description":"Bayerische Schmankerl & Biergarten in Geiselh\u00f6ring. Di\u2013Fr ab 17:30, So 11\u201314 Uhr. Hotelzimmer & Veranstaltungen auf Anfrage.","robots":{"index":"index","follow":"follow","max-snippet":"max-snippet:-1","max-image-preview":"max-image-preview:large","max-video-preview":"max-video-preview:-1"},"canonical":"https:\/\/www.erl-braeu.de\/brauerei\/gasthof\/","og_locale":"de_DE","og_type":"article","og_title":"Brauereigasthof | Erl-Br\u00e4u Geiselh\u00f6ring","og_description":"Bayerische Schmankerl & Biergarten in Geiselh\u00f6ring. Di\u2013Fr ab 17:30, So 11\u201314 Uhr. Hotelzimmer & Veranstaltungen auf Anfrage.","og_url":"https:\/\/www.erl-braeu.de\/brauerei\/gasthof\/","og_site_name":"ERL-Br\u00e4u","article_publisher":"https:\/\/www.facebook.com\/erl.braeu\/","article_modified_time":"2026-04-09T12:44:13+00:00","og_image":[{"url":"https:\/\/www.erl-braeu.de\/brauerei\/wp-content\/uploads\/2021\/10\/gasthof.jpg","type":"","width":"","height":""}],"twitter_card":"summary_large_image","twitter_misc":{"Gesch\u00e4tzte Lesezeit":"1\u00a0Minute"},"schema":{"@context":"https:\/\/schema.org","@graph":[{"@type":"WebPage","@id":"https:\/\/www.erl-braeu.de\/brauerei\/gasthof\/","url":"https:\/\/www.erl-braeu.de\/brauerei\/gasthof\/","name":"Brauereigasthof | Erl-Br\u00e4u Geiselh\u00f6ring","isPartOf":{"@id":"https:\/\/www.erl-braeu.de\/brauerei\/#website"},"primaryImageOfPage":{"@id":"https:\/\/www.erl-braeu.de\/brauerei\/gasthof\/#primaryimage"},"image":{"@id":"https:\/\/www.erl-braeu.de\/brauerei\/gasthof\/#primaryimage"},"thumbnailUrl":"https:\/\/www.erl-braeu.de\/brauerei\/wp-content\/uploads\/2021\/10\/gasthof.jpg","datePublished":"2021-09-10T13:03:30+00:00","dateModified":"2026-04-09T12:44:13+00:00","description":"Bayerische Schmankerl & Biergarten in Geiselh\u00f6ring. Di\u2013Fr ab 17:30, So 11\u201314 Uhr. Hotelzimmer & Veranstaltungen auf Anfrage.","inLanguage":"de","potentialAction":[{"@type":"ReadAction","target":["https:\/\/www.erl-braeu.de\/brauerei\/gasthof\/"]}]},{"@type":"ImageObject","inLanguage":"de","@id":"https:\/\/www.erl-braeu.de\/brauerei\/gasthof\/#primaryimage","url":"https:\/\/i0.wp.com\/www.erl-braeu.de\/brauerei\/wp-content\/uploads\/2021\/10\/gasthof.jpg?fit=1024%2C681&ssl=1","contentUrl":"https:\/\/i0.wp.com\/www.erl-braeu.de\/brauerei\/wp-content\/uploads\/2021\/10\/gasthof.jpg?fit=1024%2C681&ssl=1","width":1024,"height":681},{"@type":"WebSite","@id":"https:\/\/www.erl-braeu.de\/brauerei\/#website","url":"https:\/\/www.erl-braeu.de\/brauerei\/","name":"ERL-Br\u00e4u","description":"Der landfrische Biergenuss - Erlk\u00f6nig seit 1871","publisher":{"@id":"https:\/\/www.erl-braeu.de\/brauerei\/#organization"},"potentialAction":[{"@type":"SearchAction","target":{"@type":"EntryPoint","urlTemplate":"https:\/\/www.erl-braeu.de\/brauerei\/?s={search_term_string}"},"query-input":{"@type":"PropertyValueSpecification","valueRequired":true,"valueName":"search_term_string"}}],"inLanguage":"de"},{"@type":"Organization","@id":"https:\/\/www.erl-braeu.de\/brauerei\/#organization","name":"Erl-Br\u00e4u GmbH & Co. KG","url":"https:\/\/www.erl-braeu.de","logo":{"@type":"ImageObject","url":"https:\/\/www.erl-braeu.de\/brauerei\/wp-content\/uploads\/erl-braeu-logo.png"},"image":"https:\/\/www.erl-braeu.de\/brauerei\/wp-content\/uploads\/erl-braeu-logo.png","sameAs":["https:\/\/www.facebook.com\/erl.braeu\/","https:\/\/www.instagram.com\/erl.braeu\/","https:\/\/maps.google.com\/?cid=8752043724154341985","https:\/\/de.wikipedia.org\/wiki\/Erl-Br%C3%A4u"],"legalName":"Erl-Br\u00e4u GmbH & Co. KG","description":"Bayerische Privatbrauerei in Geiselh\u00f6ring. Handwerklich gebraute Erlk\u00f6nig-Biere seit 1871 \u2013 Hell, Weisse, Festbier, Imperator und mehr.","foundingDate":"1871","telephone":"+49942394170","address":{"@type":"PostalAddress","streetAddress":"Straubinger Stra\u00dfe 10","addressLocality":"Geiselh\u00f6ring","postalCode":"94333","addressRegion":"BY","addressCountry":"DE"},"contactPoint":{"@type":"ContactPoint","telephone":"+49942394170","contactType":"customer service","availableLanguage":"de","areaServed":"DE"},"knowsAbout":["Bierbrauen","Bayerisches Bier","Hefeweizen","Helles","Doppelbock","Festbier","Privatbrauerei","Bayerisches Reinheitsgebot"],"areaServed":{"@type":"AdministrativeArea","name":"Niederbayern"}}]}},"jetpack-related-posts":[],"jetpack_sharing_enabled":true,"_links":{"self":[{"href":"https:\/\/www.erl-braeu.de\/brauerei\/wp-json\/wp\/v2\/pages\/16310","targetHints":{"allow":["GET"]}}],"collection":[{"href":"https:\/\/www.erl-braeu.de\/brauerei\/wp-json\/wp\/v2\/pages"}],"about":[{"href":"https:\/\/www.erl-braeu.de\/brauerei\/wp-json\/wp\/v2\/types\/page"}],"author":[{"embeddable":true,"href":"https:\/\/www.erl-braeu.de\/brauerei\/wp-json\/wp\/v2\/users\/2"}],"replies":[{"embeddable":true,"href":"https:\/\/www.erl-braeu.de\/brauerei\/wp-json\/wp\/v2\/comments?post=16310"}],"version-history":[{"count":3,"href":"https:\/\/www.erl-braeu.de\/brauerei\/wp-json\/wp\/v2\/pages\/16310\/revisions"}],"predecessor-version":[{"id":19243,"href":"https:\/\/www.erl-braeu.de\/brauerei\/wp-json\/wp\/v2\/pages\/16310\/revisions\/19243"}],"wp:attachment":[{"href":"https:\/\/www.erl-braeu.de\/brauerei\/wp-json\/wp\/v2\/media?parent=16310"}],"curies":[{"name":"wp","href":"https:\/\/api.w.org\/{rel}","templated":true}]}}